{"id":919,"date":"2025-05-03T12:57:41","date_gmt":"2025-05-03T12:57:41","guid":{"rendered":"https:\/\/motricidade.com\/efescola\/?page_id=919"},"modified":"2025-05-03T13:28:59","modified_gmt":"2025-05-03T13:28:59","slug":"danca","status":"publish","type":"page","link":"https:\/\/motricidade.com\/efescola\/danca\/","title":{"rendered":"Atividades R\u00edtmicas e Expressivas"},"content":{"rendered":"\n<div class=\"wp-block-buttons is-layout-flex wp-block-buttons-is-layout-flex\">\n<div class=\"wp-block-button has-custom-width wp-block-button__width-25\"><a class=\"wp-block-button__link has-luminous-vivid-orange-background-color has-background has-small-font-size has-custom-font-size wp-element-button\" href=\"https:\/\/motricidade.com\/efescola\/modalidades\/\">&lt;&lt; voltar &#8220;Modalidades&#8221;<\/a><\/div>\n<\/div>\n\n\n\n<figure class=\"wp-block-image size-full\"><img loading=\"lazy\" decoding=\"async\" width=\"128\" height=\"128\" data-attachment-id=\"931\" data-permalink=\"https:\/\/motricidade.com\/efescola\/danca\/girls-blue-dress-icon\/\" data-orig-file=\"https:\/\/i0.wp.com\/motricidade.com\/efescola\/wp-content\/uploads\/2025\/05\/Girls-Blue-Dress-icon.png?fit=128%2C128&amp;ssl=1\" data-orig-size=\"128,128\" data-comments-opened=\"1\" data-image-meta=\"{&quot;aperture&quot;:&quot;0&quot;,&quot;credit&quot;:&quot;&quot;,&quot;camera&quot;:&quot;&quot;,&quot;caption&quot;:&quot;&quot;,&quot;created_timestamp&quot;:&quot;0&quot;,&quot;copyright&quot;:&quot;&quot;,&quot;focal_length&quot;:&quot;0&quot;,&quot;iso&quot;:&quot;0&quot;,&quot;shutter_speed&quot;:&quot;0&quot;,&quot;title&quot;:&quot;&quot;,&quot;orientation&quot;:&quot;0&quot;}\" data-image-title=\"Girls-Blue-Dress-icon\" data-image-description=\"\" data-image-caption=\"\" data-medium-file=\"https:\/\/i0.wp.com\/motricidade.com\/efescola\/wp-content\/uploads\/2025\/05\/Girls-Blue-Dress-icon.png?fit=128%2C128&amp;ssl=1\" data-large-file=\"https:\/\/i0.wp.com\/motricidade.com\/efescola\/wp-content\/uploads\/2025\/05\/Girls-Blue-Dress-icon.png?fit=128%2C128&amp;ssl=1\" src=\"https:\/\/i0.wp.com\/motricidade.com\/efescola\/wp-content\/uploads\/2025\/05\/Girls-Blue-Dress-icon.png?resize=128%2C128&#038;ssl=1\" alt=\"\" class=\"wp-image-931\" data-recalc-dims=\"1\"\/><\/figure>\n\n\n\n<div class=\"wp-block-columns is-layout-flex wp-container-core-columns-is-layout-9d6595d7 wp-block-columns-is-layout-flex\">\n<div class=\"wp-block-column is-layout-flow wp-block-column-is-layout-flow\" style=\"flex-basis:33.33%\">\n<figure class=\"wp-block-image is-resized size-large\"><img decoding=\"async\" src=\"https:\/\/i0.wp.com\/motricidade.com\/aulas_EF\/imagens_apoio\/icon-File-History.png?w=1170&#038;ssl=1\" alt=\"\" style=\"width:153px;height:auto\" data-recalc-dims=\"1\"\/><\/figure>\n<\/div>\n\n\n\n<div class=\"wp-block-column is-layout-flow wp-block-column-is-layout-flow\" style=\"flex-basis:66.66%\">\n<p><\/p>\n\n\n\n<p>A dan\u00e7a \u00e9 considerada a mais completa das artes pelo envolvimento de elementos art\u00edsticos como a m\u00fasica, teatro, escultura, pintura, indument\u00e1ria e as m\u00faltiplas express\u00f5es art\u00edsticas, traduzindo emo\u00e7\u00f5es simples e complexas.<\/p>\n\n\n\n<p>Esta forma de comunica\u00e7\u00e3o tem-se manifestado ao longo dos tempos atrav\u00e9s de diferentes civiliza\u00e7\u00f5es, como mostram, por exemplo, os registos datados desde o Per\u00edodo Paleol\u00edtico Superior. Esta importante forma de comunica\u00e7\u00e3o universal \u00e9 abordada, no Desporto Escolar, como Atividades R\u00edtmicas e Expressivas, que interpretam a dan\u00e7a como uma arte universal, em que todos podem ver, ouvir, sentir e expressar-se com a diversidade da dan\u00e7a: medieval, folcl\u00f3rica, sal\u00e3o, moderna, contempor\u00e2nea, hip hop, jazz, aer\u00f3bica e outras m\u00faltiplas formas.<\/p>\n\n\n\n<p>A dan\u00e7a caracteriza-se atrav\u00e9s de conhecimentos, valores, atitudes, linguagem corporal, gestual e perspetiva de movimentos formais e informais. A sua forma universal de interpreta\u00e7\u00e3o faz com que o movimento seja uma liberdade de express\u00e3o e motiva\u00e7\u00e3o, \u00fanica, independente de qualquer cultura, cren\u00e7a religiosa, limita\u00e7\u00e3o f\u00edsica e psicol\u00f3gica. A partilha de informa\u00e7\u00e3o e troca de experi\u00eancias foi sempre um lema importante para um bom funcionamento das Atividades R\u00edtmicas e Expressivas (ARE), tal como a colabora\u00e7\u00e3o com todos os agentes diretos ou indiretos.<\/p>\n\n\n\n<p>Fonte: <a href=\"https:\/\/desportoescolar.dge.medu.pt\/node\/14\">desportoescolar.dge<\/a><\/p>\n<\/div>\n<\/div>\n\n\n\n<p><\/p>\n\n\n\n<div class=\"wp-block-columns is-layout-flex wp-container-core-columns-is-layout-9d6595d7 wp-block-columns-is-layout-flex\">\n<div class=\"wp-block-column is-layout-flow wp-block-column-is-layout-flow\" style=\"flex-basis:33.33%\">\n<figure class=\"wp-block-image size-large is-resized\"><img decoding=\"async\" src=\"https:\/\/i0.wp.com\/motricidade.com\/aulas_EF\/imagens_apoio\/navegar.png?w=1170&#038;ssl=1\" alt=\"\" data-recalc-dims=\"1\"\/><figcaption class=\"wp-element-caption\">O que vamos fazer?<\/figcaption><\/figure>\n<\/div>\n\n\n\n<div class=\"wp-block-column is-layout-flow wp-block-column-is-layout-flow\" style=\"flex-basis:66.66%\">\n<figure class=\"wp-block-image size-full\"><img loading=\"lazy\" decoding=\"async\" width=\"128\" height=\"128\" data-attachment-id=\"702\" data-permalink=\"https:\/\/motricidade.com\/efescola\/atletismo\/icon-document-pdf-1\/\" data-orig-file=\"https:\/\/i0.wp.com\/motricidade.com\/efescola\/wp-content\/uploads\/2022\/09\/icon-document-pdf-1.png?fit=128%2C128&amp;ssl=1\" data-orig-size=\"128,128\" data-comments-opened=\"1\" data-image-meta=\"{&quot;aperture&quot;:&quot;0&quot;,&quot;credit&quot;:&quot;&quot;,&quot;camera&quot;:&quot;&quot;,&quot;caption&quot;:&quot;&quot;,&quot;created_timestamp&quot;:&quot;0&quot;,&quot;copyright&quot;:&quot;&quot;,&quot;focal_length&quot;:&quot;0&quot;,&quot;iso&quot;:&quot;0&quot;,&quot;shutter_speed&quot;:&quot;0&quot;,&quot;title&quot;:&quot;&quot;,&quot;orientation&quot;:&quot;0&quot;}\" data-image-title=\"icon-document-pdf-1\" data-image-description=\"\" data-image-caption=\"\" data-medium-file=\"https:\/\/i0.wp.com\/motricidade.com\/efescola\/wp-content\/uploads\/2022\/09\/icon-document-pdf-1.png?fit=128%2C128&amp;ssl=1\" data-large-file=\"https:\/\/i0.wp.com\/motricidade.com\/efescola\/wp-content\/uploads\/2022\/09\/icon-document-pdf-1.png?fit=128%2C128&amp;ssl=1\" src=\"https:\/\/i0.wp.com\/motricidade.com\/efescola\/wp-content\/uploads\/2022\/09\/icon-document-pdf-1.png?resize=128%2C128&#038;ssl=1\" alt=\"\" class=\"wp-image-702\" data-recalc-dims=\"1\"\/><\/figure>\n<\/div>\n<\/div>\n\n\n\n<div class=\"wp-block-media-text alignwide is-stacked-on-mobile\" style=\"grid-template-columns:15% auto\"><figure class=\"wp-block-media-text__media\"><img loading=\"lazy\" decoding=\"async\" width=\"128\" height=\"128\" data-attachment-id=\"711\" data-permalink=\"https:\/\/motricidade.com\/efescola\/atletismo\/icon_video\/\" data-orig-file=\"https:\/\/i0.wp.com\/motricidade.com\/efescola\/wp-content\/uploads\/2022\/09\/icon_video.png?fit=128%2C128&amp;ssl=1\" data-orig-size=\"128,128\" data-comments-opened=\"1\" data-image-meta=\"{&quot;aperture&quot;:&quot;0&quot;,&quot;credit&quot;:&quot;&quot;,&quot;camera&quot;:&quot;&quot;,&quot;caption&quot;:&quot;&quot;,&quot;created_timestamp&quot;:&quot;0&quot;,&quot;copyright&quot;:&quot;&quot;,&quot;focal_length&quot;:&quot;0&quot;,&quot;iso&quot;:&quot;0&quot;,&quot;shutter_speed&quot;:&quot;0&quot;,&quot;title&quot;:&quot;&quot;,&quot;orientation&quot;:&quot;0&quot;}\" data-image-title=\"icon_video\" data-image-description=\"\" data-image-caption=\"\" data-medium-file=\"https:\/\/i0.wp.com\/motricidade.com\/efescola\/wp-content\/uploads\/2022\/09\/icon_video.png?fit=128%2C128&amp;ssl=1\" data-large-file=\"https:\/\/i0.wp.com\/motricidade.com\/efescola\/wp-content\/uploads\/2022\/09\/icon_video.png?fit=128%2C128&amp;ssl=1\" src=\"https:\/\/i0.wp.com\/motricidade.com\/efescola\/wp-content\/uploads\/2022\/09\/icon_video.png?resize=128%2C128&#038;ssl=1\" alt=\"\" class=\"wp-image-711 size-full\" data-recalc-dims=\"1\"\/><\/figure><div class=\"wp-block-media-text__content\">\n<p><\/p>\n<\/div><\/div>\n\n\n\n<figure class=\"wp-block-embed is-type-video is-provider-youtube wp-block-embed-youtube wp-embed-aspect-16-9 wp-has-aspect-ratio\"><div class=\"wp-block-embed__wrapper\">\n<div class=\"jetpack-video-wrapper\"><iframe loading=\"lazy\" title=\"Regadinho\" width=\"1170\" height=\"658\" src=\"https:\/\/www.youtube.com\/embed\/JSFeiWdHDUU?feature=oembed\" frameborder=\"0\" allow=\"accelerometer; autoplay; clipboard-write; encrypted-media; gyroscope; picture-in-picture; web-share\" referrerpolicy=\"strict-origin-when-cross-origin\" allowfullscreen><\/iframe><\/div>\n<\/div><\/figure>\n\n\n\n<figure class=\"wp-block-embed is-type-video is-provider-youtube wp-block-embed-youtube wp-embed-aspect-16-9 wp-has-aspect-ratio\"><div class=\"wp-block-embed__wrapper\">\n<div class=\"jetpack-video-wrapper\"><iframe loading=\"lazy\" title=\"&quot;O Regadinho&quot; - Portuguese Popular Dance song (LYRICS + Translation)\" width=\"1170\" height=\"658\" src=\"https:\/\/www.youtube.com\/embed\/vdW4Ef4VMsc?feature=oembed\" frameborder=\"0\" allow=\"accelerometer; autoplay; clipboard-write; encrypted-media; gyroscope; picture-in-picture; web-share\" referrerpolicy=\"strict-origin-when-cross-origin\" allowfullscreen><\/iframe><\/div>\n<\/div><\/figure>\n\n\n\n<div class=\"wp-block-columns is-layout-flex wp-container-core-columns-is-layout-9d6595d7 wp-block-columns-is-layout-flex\">\n<div class=\"wp-block-column is-layout-flow wp-block-column-is-layout-flow\" style=\"flex-basis:33.33%\">\n<figure class=\"wp-block-image size-full\"><img loading=\"lazy\" decoding=\"async\" width=\"786\" height=\"588\" data-attachment-id=\"940\" data-permalink=\"https:\/\/motricidade.com\/efescola\/danca\/imagem_2025-05-03_142811778\/\" data-orig-file=\"https:\/\/i0.wp.com\/motricidade.com\/efescola\/wp-content\/uploads\/2025\/05\/imagem_2025-05-03_142811778.png?fit=786%2C588&amp;ssl=1\" data-orig-size=\"786,588\" data-comments-opened=\"1\" data-image-meta=\"{&quot;aperture&quot;:&quot;0&quot;,&quot;credit&quot;:&quot;&quot;,&quot;camera&quot;:&quot;&quot;,&quot;caption&quot;:&quot;&quot;,&quot;created_timestamp&quot;:&quot;0&quot;,&quot;copyright&quot;:&quot;&quot;,&quot;focal_length&quot;:&quot;0&quot;,&quot;iso&quot;:&quot;0&quot;,&quot;shutter_speed&quot;:&quot;0&quot;,&quot;title&quot;:&quot;&quot;,&quot;orientation&quot;:&quot;0&quot;}\" data-image-title=\"imagem_2025-05-03_142811778\" data-image-description=\"\" data-image-caption=\"\" data-medium-file=\"https:\/\/i0.wp.com\/motricidade.com\/efescola\/wp-content\/uploads\/2025\/05\/imagem_2025-05-03_142811778.png?fit=300%2C224&amp;ssl=1\" data-large-file=\"https:\/\/i0.wp.com\/motricidade.com\/efescola\/wp-content\/uploads\/2025\/05\/imagem_2025-05-03_142811778.png?fit=786%2C588&amp;ssl=1\" src=\"https:\/\/i0.wp.com\/motricidade.com\/efescola\/wp-content\/uploads\/2025\/05\/imagem_2025-05-03_142811778.png?resize=786%2C588&#038;ssl=1\" alt=\"\" class=\"wp-image-940\" srcset=\"https:\/\/i0.wp.com\/motricidade.com\/efescola\/wp-content\/uploads\/2025\/05\/imagem_2025-05-03_142811778.png?w=786&amp;ssl=1 786w, https:\/\/i0.wp.com\/motricidade.com\/efescola\/wp-content\/uploads\/2025\/05\/imagem_2025-05-03_142811778.png?resize=300%2C224&amp;ssl=1 300w, https:\/\/i0.wp.com\/motricidade.com\/efescola\/wp-content\/uploads\/2025\/05\/imagem_2025-05-03_142811778.png?resize=768%2C575&amp;ssl=1 768w\" sizes=\"auto, (max-width: 786px) 100vw, 786px\" data-recalc-dims=\"1\" \/><\/figure>\n<\/div>\n\n\n\n<div class=\"wp-block-column is-layout-flow wp-block-column-is-layout-flow\" style=\"flex-basis:66.66%\">\n<p>Saber mais sobre Dan\u00e7a [<a href=\"https:\/\/drive.google.com\/file\/d\/18vNe8WQYGUqLNp7Q0LROjVVhLWSDsXcG\/view\" target=\"_blank\" rel=\"noreferrer noopener\">CLICAR AQUI<\/a>]<\/p>\n<\/div>\n<\/div>\n\n\n\n<div class=\"wp-block-media-text alignwide is-stacked-on-mobile\" style=\"grid-template-columns:15% auto\"><figure class=\"wp-block-media-text__media\"><img loading=\"lazy\" decoding=\"async\" width=\"256\" height=\"256\" data-attachment-id=\"715\" data-permalink=\"https:\/\/motricidade.com\/efescola\/atletismo\/icon-photo\/\" data-orig-file=\"https:\/\/i0.wp.com\/motricidade.com\/efescola\/wp-content\/uploads\/2022\/09\/icon-photo.png?fit=256%2C256&amp;ssl=1\" data-orig-size=\"256,256\" data-comments-opened=\"1\" data-image-meta=\"{&quot;aperture&quot;:&quot;0&quot;,&quot;credit&quot;:&quot;&quot;,&quot;camera&quot;:&quot;&quot;,&quot;caption&quot;:&quot;&quot;,&quot;created_timestamp&quot;:&quot;0&quot;,&quot;copyright&quot;:&quot;&quot;,&quot;focal_length&quot;:&quot;0&quot;,&quot;iso&quot;:&quot;0&quot;,&quot;shutter_speed&quot;:&quot;0&quot;,&quot;title&quot;:&quot;&quot;,&quot;orientation&quot;:&quot;0&quot;}\" data-image-title=\"icon-photo\" data-image-description=\"\" data-image-caption=\"\" data-medium-file=\"https:\/\/i0.wp.com\/motricidade.com\/efescola\/wp-content\/uploads\/2022\/09\/icon-photo.png?fit=256%2C256&amp;ssl=1\" data-large-file=\"https:\/\/i0.wp.com\/motricidade.com\/efescola\/wp-content\/uploads\/2022\/09\/icon-photo.png?fit=256%2C256&amp;ssl=1\" src=\"https:\/\/i0.wp.com\/motricidade.com\/efescola\/wp-content\/uploads\/2022\/09\/icon-photo.png?resize=256%2C256&#038;ssl=1\" alt=\"\" class=\"wp-image-715 size-full\" srcset=\"https:\/\/i0.wp.com\/motricidade.com\/efescola\/wp-content\/uploads\/2022\/09\/icon-photo.png?w=256&amp;ssl=1 256w, https:\/\/i0.wp.com\/motricidade.com\/efescola\/wp-content\/uploads\/2022\/09\/icon-photo.png?resize=150%2C150&amp;ssl=1 150w\" sizes=\"auto, (max-width: 256px) 100vw, 256px\" data-recalc-dims=\"1\" \/><\/figure><div class=\"wp-block-media-text__content\">\n<p><\/p>\n<\/div><\/div>\n\n\n\n<div class=\"wp-block-buttons is-layout-flex wp-block-buttons-is-layout-flex\">\n<div class=\"wp-block-button has-custom-width wp-block-button__width-25\"><a class=\"wp-block-button__link has-luminous-vivid-orange-background-color has-background has-small-font-size has-custom-font-size wp-element-button\" href=\"https:\/\/motricidade.com\/efescola\/modalidades\/\">&lt;&lt; voltar &#8220;Modalidades&#8221;<\/a><\/div>\n<\/div>\n<div class=\"pvc_clear\"><\/div><p class=\"pvc_stats all \" data-element-id=\"919\" style=\"\"><i class=\"pvc-stats-icon medium\" aria-hidden=\"true\"><svg aria-hidden=\"true\" focusable=\"false\" data-prefix=\"far\" data-icon=\"chart-bar\" role=\"img\" xmlns=\"http:\/\/www.w3.org\/2000\/svg\" viewBox=\"0 0 512 512\" class=\"svg-inline--fa fa-chart-bar fa-w-16 fa-2x\"><path fill=\"currentColor\" d=\"M396.8 352h22.4c6.4 0 12.8-6.4 12.8-12.8V108.8c0-6.4-6.4-12.8-12.8-12.8h-22.4c-6.4 0-12.8 6.4-12.8 12.8v230.4c0 6.4 6.4 12.8 12.8 12.8zm-192 0h22.4c6.4 0 12.8-6.4 12.8-12.8V140.8c0-6.4-6.4-12.8-12.8-12.8h-22.4c-6.4 0-12.8 6.4-12.8 12.8v198.4c0 6.4 6.4 12.8 12.8 12.8zm96 0h22.4c6.4 0 12.8-6.4 12.8-12.8V204.8c0-6.4-6.4-12.8-12.8-12.8h-22.4c-6.4 0-12.8 6.4-12.8 12.8v134.4c0 6.4 6.4 12.8 12.8 12.8zM496 400H48V80c0-8.84-7.16-16-16-16H16C7.16 64 0 71.16 0 80v336c0 17.67 14.33 32 32 32h464c8.84 0 16-7.16 16-16v-16c0-8.84-7.16-16-16-16zm-387.2-48h22.4c6.4 0 12.8-6.4 12.8-12.8v-70.4c0-6.4-6.4-12.8-12.8-12.8h-22.4c-6.4 0-12.8 6.4-12.8 12.8v70.4c0 6.4 6.4 12.8 12.8 12.8z\" class=\"\"><\/path><\/svg><\/i> &nbsp;170&nbsp;total views, &nbsp;2&nbsp;views today<\/p><div class=\"pvc_clear\"><\/div><div class=\"sharedaddy sd-sharing-enabled\"><div class=\"robots-nocontent sd-block sd-social sd-social-official sd-sharing\"><h3 class=\"sd-title\">Share this:<\/h3><div class=\"sd-content\"><ul><li class=\"share-twitter\"><a href=\"https:\/\/twitter.com\/share\" class=\"twitter-share-button\" data-url=\"https:\/\/motricidade.com\/efescola\/danca\/\" data-text=\"Atividades R\u00edtmicas e Expressivas\"  >Tweet<\/a><\/li><li class=\"share-facebook\"><div class=\"fb-share-button\" data-href=\"https:\/\/motricidade.com\/efescola\/danca\/\" data-layout=\"button_count\"><\/div><\/li><li class=\"share-telegram\"><a rel=\"nofollow noopener noreferrer\" data-shared=\"\" class=\"share-telegram sd-button\" href=\"https:\/\/motricidade.com\/efescola\/danca\/?share=telegram\" target=\"_blank\" title=\"Click to share on Telegram\" ><span>Telegram<\/span><\/a><\/li><li class=\"share-print\"><a rel=\"nofollow noopener noreferrer\" data-shared=\"\" class=\"share-print sd-button\" href=\"https:\/\/motricidade.com\/efescola\/danca\/\" target=\"_blank\" title=\"Click to print\" ><span>Print<\/span><\/a><\/li><li class=\"share-pinterest\"><div class=\"pinterest_button\"><a href=\"https:\/\/www.pinterest.com\/pin\/create\/button\/?url=https%3A%2F%2Fmotricidade.com%2Fefescola%2Fdanca%2F&#038;media=https%3A%2F%2Fmotricidade.com%2Fefescola%2Fwp-content%2Fuploads%2F2025%2F05%2Fimagem_2025-05-03_142811778.png&#038;description=Atividades%20R%C3%ADtmicas%20e%20Expressivas\" data-pin-do=\"buttonPin\" data-pin-config=\"beside\"><img src=\"https:\/\/i0.wp.com\/assets.pinterest.com\/images\/pidgets\/pinit_fg_en_rect_gray_20.png?w=1170\" data-recalc-dims=\"1\" \/><\/a><\/div><\/li><li class=\"share-email\"><a rel=\"nofollow noopener noreferrer\" data-shared=\"\" class=\"share-email sd-button\" href=\"mailto:?subject=%5BShared%20Post%5D%20Atividades%20R%C3%ADtmicas%20e%20Expressivas&body=https%3A%2F%2Fmotricidade.com%2Fefescola%2Fdanca%2F&share=email\" target=\"_blank\" title=\"Click to email a link to a friend\" data-email-share-error-title=\"Do you have email set up?\" data-email-share-error-text=\"If you&#039;re having problems sharing via email, you might not have email set up for your browser. You may need to create a new email yourself.\" data-email-share-nonce=\"a3d15ad328\" data-email-share-track-url=\"https:\/\/motricidade.com\/efescola\/danca\/?share=email\"><span>Email<\/span><\/a><\/li><li class=\"share-jetpack-whatsapp\"><a rel=\"nofollow noopener noreferrer\" data-shared=\"\" class=\"share-jetpack-whatsapp sd-button\" href=\"https:\/\/motricidade.com\/efescola\/danca\/?share=jetpack-whatsapp\" target=\"_blank\" title=\"Click to share on WhatsApp\" ><span>WhatsApp<\/span><\/a><\/li><li class=\"share-linkedin\"><div class=\"linkedin_button\"><script type=\"in\/share\" data-url=\"https:\/\/motricidade.com\/efescola\/danca\/\" data-counter=\"right\"><\/script><\/div><\/li><li class=\"share-end\"><\/li><\/ul><\/div><\/div><\/div>","protected":false},"excerpt":{"rendered":"<p>A dan\u00e7a \u00e9 considerada a mais completa das artes pelo envolvimento de elementos art\u00edsticos como a m\u00fasica, teatro, escultura, pintura, indument\u00e1ria e as m\u00faltiplas express\u00f5es art\u00edsticas, traduzindo emo\u00e7\u00f5es simples e complexas. Esta forma de comunica\u00e7\u00e3o tem-se manifestado ao longo dos tempos atrav\u00e9s de diferentes civiliza\u00e7\u00f5es, como mostram, por exemplo, os registos datados desde o Per\u00edodo [&hellip;]<\/p>\n<div class=\"pvc_clear\"><\/div>\n<p class=\"pvc_stats all \" data-element-id=\"919\" style=\"\"><i class=\"pvc-stats-icon medium\" aria-hidden=\"true\"><svg aria-hidden=\"true\" focusable=\"false\" data-prefix=\"far\" data-icon=\"chart-bar\" role=\"img\" xmlns=\"http:\/\/www.w3.org\/2000\/svg\" viewBox=\"0 0 512 512\" class=\"svg-inline--fa fa-chart-bar fa-w-16 fa-2x\"><path fill=\"currentColor\" d=\"M396.8 352h22.4c6.4 0 12.8-6.4 12.8-12.8V108.8c0-6.4-6.4-12.8-12.8-12.8h-22.4c-6.4 0-12.8 6.4-12.8 12.8v230.4c0 6.4 6.4 12.8 12.8 12.8zm-192 0h22.4c6.4 0 12.8-6.4 12.8-12.8V140.8c0-6.4-6.4-12.8-12.8-12.8h-22.4c-6.4 0-12.8 6.4-12.8 12.8v198.4c0 6.4 6.4 12.8 12.8 12.8zm96 0h22.4c6.4 0 12.8-6.4 12.8-12.8V204.8c0-6.4-6.4-12.8-12.8-12.8h-22.4c-6.4 0-12.8 6.4-12.8 12.8v134.4c0 6.4 6.4 12.8 12.8 12.8zM496 400H48V80c0-8.84-7.16-16-16-16H16C7.16 64 0 71.16 0 80v336c0 17.67 14.33 32 32 32h464c8.84 0 16-7.16 16-16v-16c0-8.84-7.16-16-16-16zm-387.2-48h22.4c6.4 0 12.8-6.4 12.8-12.8v-70.4c0-6.4-6.4-12.8-12.8-12.8h-22.4c-6.4 0-12.8 6.4-12.8 12.8v70.4c0 6.4 6.4 12.8 12.8 12.8z\" class=\"\"><\/path><\/svg><\/i> &nbsp;170&nbsp;total views, &nbsp;2&nbsp;views today<\/p>\n<div class=\"pvc_clear\"><\/div>\n<div class=\"sharedaddy sd-sharing-enabled\"><div class=\"robots-nocontent sd-block sd-social sd-social-official sd-sharing\"><h3 class=\"sd-title\">Share this:<\/h3><div class=\"sd-content\"><ul><li class=\"share-twitter\"><a href=\"https:\/\/twitter.com\/share\" class=\"twitter-share-button\" data-url=\"https:\/\/motricidade.com\/efescola\/danca\/\" data-text=\"Atividades R\u00edtmicas e Expressivas\"  >Tweet<\/a><\/li><li class=\"share-facebook\"><div class=\"fb-share-button\" data-href=\"https:\/\/motricidade.com\/efescola\/danca\/\" data-layout=\"button_count\"><\/div><\/li><li class=\"share-telegram\"><a rel=\"nofollow noopener noreferrer\" data-shared=\"\" class=\"share-telegram sd-button\" href=\"https:\/\/motricidade.com\/efescola\/danca\/?share=telegram\" target=\"_blank\" title=\"Click to share on Telegram\" ><span>Telegram<\/span><\/a><\/li><li class=\"share-print\"><a rel=\"nofollow noopener noreferrer\" data-shared=\"\" class=\"share-print sd-button\" href=\"https:\/\/motricidade.com\/efescola\/danca\/\" target=\"_blank\" title=\"Click to print\" ><span>Print<\/span><\/a><\/li><li class=\"share-pinterest\"><div class=\"pinterest_button\"><a href=\"https:\/\/www.pinterest.com\/pin\/create\/button\/?url=https%3A%2F%2Fmotricidade.com%2Fefescola%2Fdanca%2F&#038;media=https%3A%2F%2Fmotricidade.com%2Fefescola%2Fwp-content%2Fuploads%2F2025%2F05%2Fimagem_2025-05-03_142811778.png&#038;description=Atividades%20R%C3%ADtmicas%20e%20Expressivas\" data-pin-do=\"buttonPin\" data-pin-config=\"beside\"><img src=\"\/\/assets.pinterest.com\/images\/pidgets\/pinit_fg_en_rect_gray_20.png\" \/><\/a><\/div><\/li><li class=\"share-email\"><a rel=\"nofollow noopener noreferrer\" data-shared=\"\" class=\"share-email sd-button\" href=\"mailto:?subject=%5BShared%20Post%5D%20Atividades%20R%C3%ADtmicas%20e%20Expressivas&body=https%3A%2F%2Fmotricidade.com%2Fefescola%2Fdanca%2F&share=email\" target=\"_blank\" title=\"Click to email a link to a friend\" data-email-share-error-title=\"Do you have email set up?\" data-email-share-error-text=\"If you&#039;re having problems sharing via email, you might not have email set up for your browser. You may need to create a new email yourself.\" data-email-share-nonce=\"a3d15ad328\" data-email-share-track-url=\"https:\/\/motricidade.com\/efescola\/danca\/?share=email\"><span>Email<\/span><\/a><\/li><li class=\"share-jetpack-whatsapp\"><a rel=\"nofollow noopener noreferrer\" data-shared=\"\" class=\"share-jetpack-whatsapp sd-button\" href=\"https:\/\/motricidade.com\/efescola\/danca\/?share=jetpack-whatsapp\" target=\"_blank\" title=\"Click to share on WhatsApp\" ><span>WhatsApp<\/span><\/a><\/li><li class=\"share-linkedin\"><div class=\"linkedin_button\"><script type=\"in\/share\" data-url=\"https:\/\/motricidade.com\/efescola\/danca\/\" data-counter=\"right\"><\/script><\/div><\/li><li class=\"share-end\"><\/li><\/ul><\/div><\/div><\/div>","protected":false},"author":1,"featured_media":0,"parent":0,"menu_order":0,"comment_status":"closed","ping_status":"closed","template":"templates\/template_page-full-width.php","meta":{"advanced_seo_description":"","footnotes":""},"class_list":["post-919","page","type-page","status-publish","hentry"],"jetpack-related-posts":[],"jetpack_sharing_enabled":true,"_links":{"self":[{"href":"https:\/\/motricidade.com\/efescola\/wp-json\/wp\/v2\/pages\/919","targetHints":{"allow":["GET"]}}],"collection":[{"href":"https:\/\/motricidade.com\/efescola\/wp-json\/wp\/v2\/pages"}],"about":[{"href":"https:\/\/motricidade.com\/efescola\/wp-json\/wp\/v2\/types\/page"}],"author":[{"embeddable":true,"href":"https:\/\/motricidade.com\/efescola\/wp-json\/wp\/v2\/users\/1"}],"replies":[{"embeddable":true,"href":"https:\/\/motricidade.com\/efescola\/wp-json\/wp\/v2\/comments?post=919"}],"version-history":[{"count":15,"href":"https:\/\/motricidade.com\/efescola\/wp-json\/wp\/v2\/pages\/919\/revisions"}],"predecessor-version":[{"id":942,"href":"https:\/\/motricidade.com\/efescola\/wp-json\/wp\/v2\/pages\/919\/revisions\/942"}],"wp:attachment":[{"href":"https:\/\/motricidade.com\/efescola\/wp-json\/wp\/v2\/media?parent=919"}],"curies":[{"name":"wp","href":"https:\/\/api.w.org\/{rel}","templated":true}]}}